{"id":716,"date":"2023-03-03T18:23:41","date_gmt":"2023-03-03T18:23:41","guid":{"rendered":"https:\/\/atlanticoaeroporto.com.br\/?page_id=716"},"modified":"2023-03-06T19:52:25","modified_gmt":"2023-03-06T19:52:25","slug":"organograma","status":"publish","type":"page","link":"https:\/\/atlanticoaeroporto.com.br\/index.php\/o-atlantico\/organograma\/","title":{"rendered":"Organograma"},"content":{"rendered":"\t\t<div data-elementor-type=\"wp-page\" data-elementor-id=\"716\" class=\"elementor elementor-716\" data-elementor-post-type=\"page\">\n\t\t\t\t\t\t<section class=\"elementor-section elementor-top-section elementor-element elementor-element-cb3ef57 elementor-section-height-min-height elementor-section-boxed elementor-section-height-default elementor-section-items-middle\" data-id=\"cb3ef57\" data-element_type=\"section\" data-settings=\"{&quot;background_background&quot;:&quot;classic&quot;}\">\n\t\t\t\t\t\t\t<div class=\"elementor-background-overlay\"><\/div>\n\t\t\t\t\t\t\t<div class=\"elementor-container elementor-column-gap-default\">\n\t\t\t\t\t<div class=\"elementor-column elementor-col-100 elementor-top-column elementor-element elementor-element-273bc84\" data-id=\"273bc84\" data-element_type=\"column\">\n\t\t\t<div class=\"elementor-widget-wrap elementor-element-populated\">\n\t\t\t\t\t\t<div class=\"elementor-element elementor-element-f752f43 elementor-widget elementor-widget-heading\" data-id=\"f752f43\" data-element_type=\"widget\" data-widget_type=\"heading.default\">\n\t\t\t\t<div class=\"elementor-widget-container\">\n\t\t\t\t\t<h2 class=\"elementor-heading-title elementor-size-default\">ORGANOGRAMA<\/h2>\t\t\t\t<\/div>\n\t\t\t\t<\/div>\n\t\t\t\t\t<\/div>\n\t\t<\/div>\n\t\t\t\t\t<\/div>\n\t\t<\/section>\n\t\t\t\t<section class=\"elementor-section elementor-top-section elementor-element elementor-element-6b23b83 elementor-section-boxed elementor-section-height-default elementor-section-height-default\" data-id=\"6b23b83\" data-element_type=\"section\" data-settings=\"{&quot;background_background&quot;:&quot;classic&quot;}\">\n\t\t\t\t\t\t<div class=\"elementor-container elementor-column-gap-default\">\n\t\t\t\t\t<div class=\"elementor-column elementor-col-50 elementor-top-column elementor-element elementor-element-5e24df6\" data-id=\"5e24df6\" data-element_type=\"column\">\n\t\t\t<div class=\"elementor-widget-wrap elementor-element-populated\">\n\t\t\t\t\t\t<div class=\"elementor-element elementor-element-561fb2c elementor-widget elementor-widget-text-editor\" data-id=\"561fb2c\" data-element_type=\"widget\" data-widget_type=\"text-editor.default\">\n\t\t\t\t<div class=\"elementor-widget-container\">\n\t\t\t\t\t\t\t\t\t<p>A equipe do Col\u00e9gio Atl\u00e2ntico se preocupa com um trabalho que garanta ao aluno uma postura de confian\u00e7a frente aos desafios que educa\u00e7\u00e3o apresenta atualmente, por essa raz\u00e3o disp\u00f5e do seguinte corpo pedag\u00f3gico administrativo:<\/p><p>O Diretor \u00e9 um profissional indicado pela Entidade Mantenedora que administra a escola, devendo dirigir e superintender todas as atividades nela realizadas, sendo respons\u00e1vel pelo normal funcionamento da unidade escolar, representando-a perante as autoridades constitu\u00eddas. Compete \u00e0 dire\u00e7\u00e3o planejar, dirigir , supervisionar, controlar e avaliar a a\u00e7\u00e3o global de ensino, no \u00e2mbitoda unidade escolar bem como as atividades culturais desenvolvidas pela escola, auxiliada pelos \u00f3rg\u00e3os que lhe s\u00e3o subordinados.<\/p><p>A Coordena\u00e7\u00e3o Pedag\u00f3gica \u00e9 respons\u00e1vel pela organiza\u00e7\u00e3o e funcionamento do processo educativo, visando \u00e0 realiza\u00e7\u00e3o dos objetivos gerais e espec\u00edficos do col\u00e9gio. Encontra-se organizada em tr\u00eas blocos distintos, sendo tr\u00eas coordenadores respons\u00e1veis pela Educa\u00e7\u00e3o infantil e Ensino Fundamenta I, dois coordenadores para o Ensino Fundamental II e M\u00e9dio e uma coordena\u00e7\u00e3o para o terceiro ano do Ensino M\u00e9dio e projetos. Dentre suas atribui\u00e7\u00f5es, destacam-se a convoca\u00e7\u00e3o do corpo docente para reuni\u00f5es do Conselho de Classe ou outras que se fizerem necess\u00e1rias; convoca\u00e7\u00e3o de pais e\/ou respons\u00e1veis para reuni\u00f5es de car\u00e1ter pedag\u00f3gico, em comum acordo com o Diretor; acompanhamento dos registros dos resultados da avalia\u00e7\u00e3o do rendimento; organiza\u00e7\u00e3o de hor\u00e1rios e levantamento de dados estat\u00edsticos.<\/p>\t\t\t\t\t\t\t\t<\/div>\n\t\t\t\t<\/div>\n\t\t\t\t\t<\/div>\n\t\t<\/div>\n\t\t\t\t<div class=\"elementor-column elementor-col-50 elementor-top-column elementor-element elementor-element-cb33b18\" data-id=\"cb33b18\" data-element_type=\"column\">\n\t\t\t<div class=\"elementor-widget-wrap elementor-element-populated\">\n\t\t\t\t\t\t<div class=\"elementor-element elementor-element-7dd795c elementor-widget elementor-widget-image\" data-id=\"7dd795c\" data-element_type=\"widget\" data-widget_type=\"image.default\">\n\t\t\t\t<div class=\"elementor-widget-container\">\n\t\t\t\t\t\t\t\t\t\t\t\t\t\t\t<img fetchpriority=\"high\" decoding=\"async\" width=\"800\" height=\"819\" src=\"https:\/\/atlanticoaeroporto.com.br\/wp-content\/uploads\/2023\/03\/equipe-qualificada.png\" class=\"attachment-large size-large wp-image-907\" alt=\"\" srcset=\"https:\/\/atlanticoaeroporto.com.br\/wp-content\/uploads\/2023\/03\/equipe-qualificada.png 951w, https:\/\/atlanticoaeroporto.com.br\/wp-content\/uploads\/2023\/03\/equipe-qualificada-293x300.png 293w, https:\/\/atlanticoaeroporto.com.br\/wp-content\/uploads\/2023\/03\/equipe-qualificada-768x787.png 768w\" sizes=\"(max-width: 800px) 100vw, 800px\" \/>\t\t\t\t\t\t\t\t\t\t\t\t\t\t\t<\/div>\n\t\t\t\t<\/div>\n\t\t\t\t\t<\/div>\n\t\t<\/div>\n\t\t\t\t\t<\/div>\n\t\t<\/section>\n\t\t\t\t<section class=\"elementor-section elementor-top-section elementor-element elementor-element-575217a elementor-section-boxed elementor-section-height-default elementor-section-height-default\" data-id=\"575217a\" data-element_type=\"section\" data-settings=\"{&quot;background_background&quot;:&quot;classic&quot;}\">\n\t\t\t\t\t\t<div class=\"elementor-container elementor-column-gap-default\">\n\t\t\t\t\t<div class=\"elementor-column elementor-col-100 elementor-top-column elementor-element elementor-element-af49348\" data-id=\"af49348\" data-element_type=\"column\">\n\t\t\t<div class=\"elementor-widget-wrap elementor-element-populated\">\n\t\t\t\t\t\t<div class=\"elementor-element elementor-element-de826a5 elementor-widget elementor-widget-text-editor\" data-id=\"de826a5\" data-element_type=\"widget\" data-widget_type=\"text-editor.default\">\n\t\t\t\t<div class=\"elementor-widget-container\">\n\t\t\t\t\t\t\t\t\t<p>Coordenador de Eventos cuida de todas as atividades culturais, art\u00edsticas, esportivas, todas as Olimp\u00edadas e festas da escola.A Orienta\u00e7\u00e3o Educacional \u00e9 respons\u00e1vel pela humaniza\u00e7\u00e3o das rela\u00e7\u00f5es entre os alunos, familiares, docentes, e demais atores do espa\u00e7o escolar. Como seu objetivo primordial pode-se destacar o favorecimento do di\u00e1logo visando facilitar os relacionamentos da comunidade escolar como um todo, e com isso favorecer o processo ensino-aprendizagem e a forma\u00e7\u00e3o qualitativa do educando.<\/p><p>Al\u00e9m desses profissionais o Col\u00e9gio Atl\u00e2ntico ainda conta com um corpo administrativo composto por profissionais qualificados para o desempenho de suas atribui\u00e7\u00f5es nas fun\u00e7\u00f5es de secretaria escolar , inspe\u00e7\u00e3o escolar , auxiliar de servi\u00e7os escolares, mecanografia, portaria e auxiliar de servi\u00e7os gerais.<\/p>\t\t\t\t\t\t\t\t<\/div>\n\t\t\t\t<\/div>\n\t\t\t\t<div class=\"elementor-element elementor-element-a56e3e3 elementor-widget elementor-widget-image\" data-id=\"a56e3e3\" data-element_type=\"widget\" data-widget_type=\"image.default\">\n\t\t\t\t<div class=\"elementor-widget-container\">\n\t\t\t\t\t\t\t\t\t\t\t\t\t\t\t<img decoding=\"async\" width=\"800\" height=\"779\" src=\"https:\/\/atlanticoaeroporto.com.br\/wp-content\/uploads\/2023\/03\/organograma-1024x997.jpg\" class=\"attachment-large size-large wp-image-911\" alt=\"\" srcset=\"https:\/\/atlanticoaeroporto.com.br\/wp-content\/uploads\/2023\/03\/organograma-1024x997.jpg 1024w, https:\/\/atlanticoaeroporto.com.br\/wp-content\/uploads\/2023\/03\/organograma-300x292.jpg 300w, https:\/\/atlanticoaeroporto.com.br\/wp-content\/uploads\/2023\/03\/organograma-768x748.jpg 768w, https:\/\/atlanticoaeroporto.com.br\/wp-content\/uploads\/2023\/03\/organograma.jpg 1200w\" sizes=\"(max-width: 800px) 100vw, 800px\" \/>\t\t\t\t\t\t\t\t\t\t\t\t\t\t\t<\/div>\n\t\t\t\t<\/div>\n\t\t\t\t<div class=\"elementor-element elementor-element-4c0c75e elementor-align-center elementor-widget elementor-widget-button\" data-id=\"4c0c75e\" data-element_type=\"widget\" data-widget_type=\"button.default\">\n\t\t\t\t<div class=\"elementor-widget-container\">\n\t\t\t\t\t\t\t\t\t<div class=\"elementor-button-wrapper\">\n\t\t\t\t\t<a class=\"elementor-button elementor-button-link elementor-size-sm\" href=\"https:\/\/atlanticoaeroporto.com.br\/index.php\/o-atlantico\/equipe\/\" target=\"_blank\">\n\t\t\t\t\t\t<span class=\"elementor-button-content-wrapper\">\n\t\t\t\t\t\t\t\t\t<span class=\"elementor-button-text\">Conhe\u00e7a nossa equipe<\/span>\n\t\t\t\t\t<\/span>\n\t\t\t\t\t<\/a>\n\t\t\t\t<\/div>\n\t\t\t\t\t\t\t\t<\/div>\n\t\t\t\t<\/div>\n\t\t\t\t\t<\/div>\n\t\t<\/div>\n\t\t\t\t\t<\/div>\n\t\t<\/section>\n\t\t\t\t<\/div>\n\t\t","protected":false},"excerpt":{"rendered":"<p>ORGANOGRAMA A equipe do Col\u00e9gio Atl\u00e2ntico se preocupa com um trabalho que garanta ao aluno uma postura de confian\u00e7a frente aos desafios que educa\u00e7\u00e3o apresenta atualmente, por essa raz\u00e3o disp\u00f5e do seguinte corpo pedag\u00f3gico administrativo: O Diretor \u00e9 um profissional indicado pela Entidade Mantenedora que administra a escola, devendo dirigir e superintender todas as atividades [&hellip;]<\/p>\n","protected":false},"author":4,"featured_media":0,"parent":694,"menu_order":0,"comment_status":"closed","ping_status":"closed","template":"","meta":{"_joinchat":[],"footnotes":""},"class_list":["post-716","page","type-page","status-publish","hentry"],"_links":{"self":[{"href":"https:\/\/atlanticoaeroporto.com.br\/index.php\/wp-json\/wp\/v2\/pages\/716","targetHints":{"allow":["GET"]}}],"collection":[{"href":"https:\/\/atlanticoaeroporto.com.br\/index.php\/wp-json\/wp\/v2\/pages"}],"about":[{"href":"https:\/\/atlanticoaeroporto.com.br\/index.php\/wp-json\/wp\/v2\/types\/page"}],"author":[{"embeddable":true,"href":"https:\/\/atlanticoaeroporto.com.br\/index.php\/wp-json\/wp\/v2\/users\/4"}],"replies":[{"embeddable":true,"href":"https:\/\/atlanticoaeroporto.com.br\/index.php\/wp-json\/wp\/v2\/comments?post=716"}],"version-history":[{"count":25,"href":"https:\/\/atlanticoaeroporto.com.br\/index.php\/wp-json\/wp\/v2\/pages\/716\/revisions"}],"predecessor-version":[{"id":1476,"href":"https:\/\/atlanticoaeroporto.com.br\/index.php\/wp-json\/wp\/v2\/pages\/716\/revisions\/1476"}],"up":[{"embeddable":true,"href":"https:\/\/atlanticoaeroporto.com.br\/index.php\/wp-json\/wp\/v2\/pages\/694"}],"wp:attachment":[{"href":"https:\/\/atlanticoaeroporto.com.br\/index.php\/wp-json\/wp\/v2\/media?parent=716"}],"curies":[{"name":"wp","href":"https:\/\/api.w.org\/{rel}","templated":true}]}}